{"id":3,"date":"2022-12-20T09:56:53","date_gmt":"2022-12-20T09:56:53","guid":{"rendered":"https:\/\/www.kp.education\/?page_id=3"},"modified":"2024-04-04T13:14:44","modified_gmt":"2024-04-04T13:14:44","slug":"politique-de-confidentialite","status":"publish","type":"page","link":"https:\/\/www.kp.education\/fr\/politique-de-confidentialite\/","title":{"rendered":"Politique de protection des donn\u00e9es"},"content":{"rendered":"\t\t<div data-elementor-type=\"wp-page\" data-elementor-id=\"3\" class=\"elementor elementor-3\" data-elementor-post-type=\"page\">\n\t\t\t\t\t\t<section class=\"elementor-section elementor-top-section elementor-element elementor-element-76231bc elementor-section-full_width elementor-section-height-default elementor-section-height-default\" data-id=\"76231bc\" data-element_type=\"section\" data-e-type=\"section\" data-settings=\"{&quot;background_background&quot;:&quot;classic&quot;}\">\n\t\t\t\t\t\t<div class=\"elementor-container elementor-column-gap-no\">\n\t\t\t\t\t<div class=\"elementor-column elementor-col-100 elementor-top-column elementor-element elementor-element-1fc4178\" data-id=\"1fc4178\" data-element_type=\"column\" data-e-type=\"column\">\n\t\t\t<div class=\"elementor-widget-wrap elementor-element-populated\">\n\t\t\t\t\t\t<div class=\"elementor-element elementor-element-cfab1d4 elementor-icon-list--layout-inline elementor-list-item-link-full_width elementor-widget elementor-widget-icon-list\" data-id=\"cfab1d4\" data-element_type=\"widget\" data-e-type=\"widget\" data-widget_type=\"icon-list.default\">\n\t\t\t\t<div class=\"elementor-widget-container\">\n\t\t\t\t\t\t\t<ul class=\"elementor-icon-list-items elementor-inline-items\">\n\t\t\t\t\t\t\t<li class=\"elementor-icon-list-item elementor-inline-item\">\n\t\t\t\t\t\t\t\t\t\t\t<a href=\"https:\/\/www.kp.education\/\">\n\n\t\t\t\t\t\t\t\t\t\t\t<span class=\"elementor-icon-list-text\">Accueil<\/span>\n\t\t\t\t\t\t\t\t\t\t\t<\/a>\n\t\t\t\t\t\t\t\t\t<\/li>\n\t\t\t\t\t\t\t\t<li class=\"elementor-icon-list-item elementor-inline-item\">\n\t\t\t\t\t\t\t\t\t\t\t<span class=\"elementor-icon-list-icon\">\n\t\t\t\t\t\t\t<i aria-hidden=\"true\" class=\"fas fa-chevron-right\"><\/i>\t\t\t\t\t\t<\/span>\n\t\t\t\t\t\t\t\t\t\t<span class=\"elementor-icon-list-text\"><strong>Politique de confidentialit\u00e9<\/strong><\/span>\n\t\t\t\t\t\t\t\t\t<\/li>\n\t\t\t\t\t\t<\/ul>\n\t\t\t\t\t\t<\/div>\n\t\t\t\t<\/div>\n\t\t\t\t<div class=\"elementor-element elementor-element-5bb0371 elementor-widget elementor-widget-heading\" data-id=\"5bb0371\" data-element_type=\"widget\" data-e-type=\"widget\" data-widget_type=\"heading.default\">\n\t\t\t\t<div class=\"elementor-widget-container\">\n\t\t\t\t\t<h1 class=\"elementor-heading-title elementor-size-default\">Politique de protection des donn\u00e9es\u00a0<\/h1>\t\t\t\t<\/div>\n\t\t\t\t<\/div>\n\t\t\t\t\t<\/div>\n\t\t<\/div>\n\t\t\t\t\t<\/div>\n\t\t<\/section>\n\t\t\t\t<section class=\"elementor-section elementor-top-section elementor-element elementor-element-e1ca2f1 elementor-section-boxed elementor-section-height-default elementor-section-height-default\" data-id=\"e1ca2f1\" data-element_type=\"section\" data-e-type=\"section\">\n\t\t\t\t\t\t<div class=\"elementor-container elementor-column-gap-default\">\n\t\t\t\t\t<div class=\"elementor-column elementor-col-100 elementor-top-column elementor-element elementor-element-8fdbd78\" data-id=\"8fdbd78\" data-element_type=\"column\" data-e-type=\"column\">\n\t\t\t<div class=\"elementor-widget-wrap elementor-element-populated\">\n\t\t\t\t\t\t<div class=\"elementor-element elementor-element-aad2513 elementor-widget elementor-widget-text-editor\" data-id=\"aad2513\" data-element_type=\"widget\" data-e-type=\"widget\" data-widget_type=\"text-editor.default\">\n\t\t\t\t<div class=\"elementor-widget-container\">\n\t\t\t\t\t\t\t\t\t<h2><b>1. Objectif et champ d\u2019application de la Politique\u00a0<\/b><\/h2><p>\u00a0<\/p><p><span style=\"font-weight: 400;\">La soci\u00e9t\u00e9 KP EDUCATION accorde la plus grande importance et le plus grand soin \u00e0 la protection de la vie priv\u00e9e et des Donn\u00e9es \u00e0 caract\u00e8re personnel, ainsi qu\u2019au respect des dispositions de la L\u00e9gislation applicable.\u00a0<\/span><\/p><p>\u00a0<\/p><p><span style=\"font-weight: 400;\">Le R\u00e8glement (UE) 2016\/679 du 27 avril 2016 relatif \u00e0 la protection des personnes physiques \u00e0 l&rsquo;\u00e9gard du Traitement des Donn\u00e9es \u00e0 caract\u00e8re personnel et \u00e0 la libre circulation de ces Donn\u00e9es (ci-apr\u00e8s \u00ab RGPD \u00bb) affirme que les Donn\u00e9es \u00e0 caract\u00e8re personnel doivent \u00eatre trait\u00e9es de fa\u00e7on licite, loyale, et transparente. Ainsi, cette politique de protection des donn\u00e9es (ci-apr\u00e8s la \u00ab\u00a0Politique\u00a0\u00bb) a pour objectif de vous fournir une information simple, claire sur les Traitements de Donn\u00e9es \u00e0 caract\u00e8re personnel vous concernant, dans le cadre de votre navigation et des op\u00e9rations r\u00e9alis\u00e9es sur notre site Internet.\u00a0<\/span><\/p><p><br \/><b><\/b><\/p><h2><b>2. Responsable de Traitement<\/b><\/h2><p>\u00a0<\/p><p><span style=\"font-weight: 400;\">Dans le cadre de votre activit\u00e9 sur le site <\/span><a href=\"https:\/\/www.kp.education\/fr\/\"><span style=\"font-weight: 400;\">https:\/\/www.kp.education\/fr\/<\/span><\/a><span style=\"font-weight: 400;\">, nous collectons et utilisons, des Donn\u00e9es \u00e0 caract\u00e8re personnel en lien avec vous, personnes physiques (ci-apr\u00e8s \u00ab Personne concern\u00e9e \u00bb).\u00a0<\/span><\/p><p>\u00a0<\/p><p><span style=\"font-weight: 400;\">Pour l\u2019ensemble des Traitements, KP EDUCATION, Soci\u00e9t\u00e9 par Actions Simplifi\u00e9e, n\u00b0 de RCS de <\/span><span style=\"font-weight: 400;\">828\u00a0216\u00a0572 <\/span><span style=\"font-weight: 400;\">au capital social de <\/span><span style=\"font-weight: 400;\">5\u00a0085,00<\/span><span style=\"font-weight: 400;\"> euros, ayant son si\u00e8ge social au 250 Avenue G\u00e9n\u00e9ral Leclerc 06700 Saint-Laurent-du-Var, d\u00e9termine les moyens et les finalit\u00e9s du Traitement. Ainsi, nous agissons en tant que Responsable de Traitement, au sens de la R\u00e9glementation relative aux Donn\u00e9es \u00e0 caract\u00e8re personnel, et notamment du R\u00e8glement (UE) 2016\/679 relatif \u00e0 la protection des personnes physiques \u00e0 l\u2019\u00e9gard du Traitement des Donn\u00e9es \u00e0 caract\u00e8re personnel et \u00e0 la libre circulation de ces Donn\u00e9es.\u00a0<\/span><\/p><p><br \/><b><\/b><\/p><h2><b>3. Quelles Donn\u00e9es \u00e0 caract\u00e8re personnel collectons-nous et comment ?\u00a0<\/b><\/h2><p>\u00a0<\/p><p><span style=\"font-weight: 400;\">En utilisant notre site internet, vous nous transmettez un certain nombre d\u2019informations \u00e0 votre sujet dont certaines sont de nature \u00e0 vous identifier (\u00ab\u00a0Donn\u00e9es \u00e0 caract\u00e8re personnel\u00a0\u00bb). C\u2019est le cas lorsque vous naviguez sur notre site ou lorsque vous remplissez des formulaires en ligne.<\/span><\/p><p>\u00a0<\/p><p><span style=\"font-weight: 400;\">La nature et la qualit\u00e9 des Donn\u00e9es \u00e0 caract\u00e8re personnel collect\u00e9es \u00e0 votre sujet varient selon les relations que vous entreprenez avec KP EDUCATION dont les principales sont\u00a0:\u00a0<\/span><\/p><p>\u00a0<\/p><ul><li style=\"font-weight: 400;\" aria-level=\"1\"><b>Donn\u00e9es d\u2019identification<\/b><span style=\"font-weight: 400;\">\u00a0: cela comprend toutes les informations qui nous permettraient de vous identifier, telles que votre nom, pr\u00e9nom, curriculum vitae. Nous sommes \u00e9galement amen\u00e9s \u00e0 collecter votre adresse \u00e9lectronique.<\/span><\/li><\/ul><p>\u00a0<\/p><ul><li style=\"font-weight: 400;\" aria-level=\"1\"><b>Donn\u00e9es de connexion<\/b><span style=\"font-weight: 400;\">\u00a0: nous collectons par exemple votre adresse IP \u00e0 des fins de maintenance et de statistiques.\u00a0<\/span><\/li><\/ul><p>\u00a0<\/p><ul><li style=\"font-weight: 400;\" aria-level=\"1\"><b>Informations relatives \u00e0 votre navigation<\/b><span style=\"font-weight: 400;\">\u00a0: en navigant sur notre site web, vous interagissez avec lui. Par cons\u00e9quent, certaines informations relatives \u00e0 votre navigation sont collect\u00e9es (via des cookies).\u00a0<\/span><\/li><\/ul><p><br \/><b><\/b><\/p><h2><b>4. Pourquoi collectons-nous vos Donn\u00e9es \u00e0 caract\u00e8re personnel et comment ?\u00a0<\/b><\/h2><p>\u00a0<\/p><p><span style=\"font-weight: 400;\">Nous collectons vos Donn\u00e9es \u00e0 caract\u00e8re personnel pour des finalit\u00e9s d\u00e9termin\u00e9es et sur diff\u00e9rents fondements juridiques.\u00a0<\/span><\/p><p>\u00a0<\/p><p><span style=\"font-weight: 400;\">Sur la base de votre consentement, vos Donn\u00e9es sont trait\u00e9es pour les finalit\u00e9s suivantes\u00a0:\u00a0<\/span><\/p><ul><li style=\"font-weight: 400;\" aria-level=\"1\"><span style=\"font-weight: 400;\">Gestion des cookies n\u00e9cessitant votre consentement.\u00a0<\/span><\/li><\/ul><p>\u00a0<\/p><p><span style=\"font-weight: 400;\">Dans le cadre de l\u2019int\u00e9r\u00eat l\u00e9gitime de KP EDUCATION, vos Donn\u00e9es sont trait\u00e9es pour les finalit\u00e9s suivantes\u00a0:\u00a0<\/span><\/p><ul><li style=\"font-weight: 400;\" aria-level=\"1\"><span style=\"font-weight: 400;\">Gestion de vos candidatures\u00a0;<\/span><\/li><li style=\"font-weight: 400;\" aria-level=\"1\"><span style=\"font-weight: 400;\">Gestion des r\u00e9clamations \/ demandes de contact\u00a0;<\/span><\/li><li style=\"font-weight: 400;\" aria-level=\"1\"><span style=\"font-weight: 400;\">Gestion des cookies exempts de consentement (en particulier les cookies n\u00e9cessaires au bon fonctionnement du site)\u00a0<\/span><\/li><li style=\"font-weight: 400;\" aria-level=\"1\"><span style=\"font-weight: 400;\">Gestion du pr\u00e9contentieux et du contentieux.\u00a0<\/span><\/li><\/ul><p>\u00a0<\/p><p><span style=\"font-weight: 400;\">Dans le cadre des obligations l\u00e9gales et r\u00e8glementaires auxquelles KP EDUCATION est soumis, vos Donn\u00e9es sont trait\u00e9es pour les finalit\u00e9s suivantes\u00a0:\u00a0<\/span><\/p><ul><li style=\"font-weight: 400;\" aria-level=\"1\"><span style=\"font-weight: 400;\">Gestion de vos demandes d\u2019exercice des droits des personnes (demande d\u2019acc\u00e8s, effacement, rectification etc.).\u00a0<\/span><\/li><\/ul><p><br \/><b><\/b><\/p><h2><b>5. Partageons-nous vos Donn\u00e9es \u00e0 caract\u00e8re personnel ?\u00a0<\/b><\/h2><p>\u00a0<\/p><p><span style=\"font-weight: 400;\">Vos Donn\u00e9es sont destin\u00e9es aux collaborateurs de KP EDUCATION habilit\u00e9s en charge de la gestion et l\u2019ex\u00e9cution des contrats et des obligations l\u00e9gales, en fonction des finalit\u00e9s de la collecte et dans la limite de leurs attributions respectives.\u00a0\u00a0<\/span><\/p><p>\u00a0<\/p><p><span style=\"font-weight: 400;\">Elles sont \u00e9ventuellement transmises pour certaines t\u00e2ches li\u00e9es aux finalit\u00e9s, et dans la limite de leurs missions et habilitations respectives, aux destinataires suivants :\u00a0<\/span><\/p><p>\u00a0<\/p><ul><li style=\"font-weight: 400;\" aria-level=\"1\"><span style=\"font-weight: 400;\">Entit\u00e9s du Groupe KP EDUCATION dans le cadre d\u2019une externalisation d\u2019activit\u00e9 \u00e0 une autre entit\u00e9 du groupe\u00a0;\u00a0<\/span><\/li><li style=\"font-weight: 400;\" aria-level=\"1\"><span style=\"font-weight: 400;\">Prestataires auxquels nous faisons appel pour r\u00e9aliser un ensemble d\u2019op\u00e9rations et t\u00e2ches, en notre nom notamment\u00a0:\u00a0<\/span><\/li><\/ul><p>\u00a0<\/p><ul><li style=\"font-weight: 400;\" aria-level=\"2\"><span style=\"font-weight: 400;\">A des fins de gestion de notre site internet\u00a0;<\/span><\/li><li style=\"font-weight: 400;\" aria-level=\"2\"><span style=\"font-weight: 400;\">A des fins d\u2019h\u00e9bergement des Donn\u00e9es\u00a0;<\/span><\/li><li style=\"font-weight: 400;\" aria-level=\"2\"><span style=\"font-weight: 400;\">A des fins d\u2019analyse de l\u2019audience.\u00a0<\/span><\/li><\/ul><p>\u00a0<\/p><ul><li style=\"font-weight: 400;\" aria-level=\"1\"><span style=\"font-weight: 400;\">Autorit\u00e9s publiques d\u00fbment habilit\u00e9es (judiciaires, de contr\u00f4le\u2026), dans le cadre de nos obligations l\u00e9gales et r\u00e8glementaires\u00a0;<\/span><\/li><li style=\"font-weight: 400;\" aria-level=\"1\"><span style=\"font-weight: 400;\">Professions r\u00e9glement\u00e9es (avocats, huissiers, etc\u2026) qui peuvent intervenir dans le cadre de la mise en \u0153uvre des garanties, du recouvrement ou du contentieux\u00a0;<\/span><\/li><\/ul><p>\u00a0<\/p><p><span style=\"font-weight: 400;\">Lorsque vos Donn\u00e9es sont communiqu\u00e9es \u00e0 nos sous-traitants, il leur est \u00e9galement demand\u00e9 de ne pas utiliser les Donn\u00e9es pour des finalit\u00e9s autres que celles initialement pr\u00e9vues. Nous mettons tout en \u0153uvre pour nous assurer que ces Tiers pr\u00e9servent la confidentialit\u00e9 et la s\u00e9curit\u00e9 de vos Donn\u00e9es.\u00a0<\/span><\/p><p>\u00a0<\/p><p><span style=\"font-weight: 400;\">Dans tout le cas, seules les Donn\u00e9es n\u00e9cessaires sont fournies. Nous mettons tout en \u0153uvre pour garantir une communication ou transmission s\u00e9curis\u00e9e de vos Donn\u00e9es.\u00a0<\/span><\/p><p>\u00a0<\/p><p><span style=\"font-weight: 400;\">Nous ne vendons pas vos Donn\u00e9es.\u00a0<\/span><\/p><p><br \/><b><\/b><\/p><h2><b>6. Vos Donn\u00e9es \u00e0 caract\u00e8re personnel sont-elles transf\u00e9r\u00e9es vers des pays Tiers ?\u00a0<\/b><\/h2><p>\u00a0<\/p><p><span style=\"font-weight: 400;\">KP EDUCATION s\u2019efforce de conserver les Donn\u00e9es \u00e0 caract\u00e8re personnel en France, ou du moins au sein de l\u2019Espace \u00c9conomique Europ\u00e9en (EEE).\u00a0<\/span><\/p><p>\u00a0<\/p><p><span style=\"font-weight: 400;\">Toutefois, il est possible que les Donn\u00e9es que nous recueillons lorsque vous utilisez notre plateforme ou dans le cadre de nos services soient transf\u00e9r\u00e9es dans d\u2019autres pays. C\u2019est par exemple le cas si certains de nos prestataires sont situ\u00e9s en dehors de l\u2019Espace \u00c9conomique Europ\u00e9en.\u00a0<\/span><\/p><p>\u00a0<\/p><p><span style=\"font-weight: 400;\">En cas de Transfert de ce type, nous garantissons que celui-ci soit effectu\u00e9\u00a0:\u00a0<\/span><\/p><p>\u00a0<\/p><ul><li style=\"font-weight: 400;\" aria-level=\"1\"><span style=\"font-weight: 400;\">Vers un pays assurant un niveau de protection ad\u00e9quat, c\u2019est-\u00e0-dire un niveau de protection \u00e9quivalent \u00e0 ce que les R\u00e9glementations europ\u00e9ennes exigent\u00a0;\u00a0<\/span><\/li><\/ul><p>\u00a0<\/p><ul><li style=\"font-weight: 400;\" aria-level=\"1\"><span style=\"font-weight: 400;\">Dans le cadre de clauses contractuelles types\u00a0;\u00a0<\/span><\/li><\/ul><p>\u00a0<\/p><ul><li style=\"font-weight: 400;\" aria-level=\"1\"><span style=\"font-weight: 400;\">Dans le cadre de r\u00e8gles internes d\u2019entreprise.\u00a0<\/span><\/li><\/ul><p><br \/><b><\/b><\/p><h2><b>7. Combien de temps conservons-nous vos Donn\u00e9es \u00e0 caract\u00e8re personnel ?\u00a0<\/b><\/h2><p>\u00a0<\/p><p><span style=\"font-weight: 400;\">Nous conservons vos Donn\u00e9es \u00e0 caract\u00e8re personnel uniquement le temps n\u00e9cessaire \u00e0 la r\u00e9alisation de la finalit\u00e9 pour laquelle nous d\u00e9tenons ces Donn\u00e9es, et ce, afin de r\u00e9pondre \u00e0 vos besoins ou pour remplir nos obligations l\u00e9gales.\u00a0<\/span><\/p><p>\u00a0<\/p><p><span style=\"font-weight: 400;\">Les dur\u00e9es de conservation varient en fonction de plusieurs facteurs, tels que\u00a0:\u00a0<\/span><\/p><p>\u00a0<\/p><ul><li style=\"font-weight: 400;\" aria-level=\"1\"><span style=\"font-weight: 400;\">Les besoins des activit\u00e9s de KP EDUCATION\u00a0;<\/span><\/li><li style=\"font-weight: 400;\" aria-level=\"1\"><span style=\"font-weight: 400;\">Les exigences contractuelles\u00a0;<\/span><\/li><li style=\"font-weight: 400;\" aria-level=\"1\"><span style=\"font-weight: 400;\">Les obligations l\u00e9gales\u00a0;<\/span><\/li><li style=\"font-weight: 400;\" aria-level=\"1\"><span style=\"font-weight: 400;\">Les recommandations des autorit\u00e9s de contr\u00f4le.\u00a0<\/span><\/li><\/ul><p><br \/><br \/><\/p><p><span style=\"font-weight: 400;\">Les dur\u00e9es de conservation de vos Donn\u00e9es sont les suivantes\u00a0:\u00a0<\/span><\/p><p>\u00a0<\/p><table><tbody><tr><td><p><b>Finalit\u00e9s<\/b><\/p><\/td><td><p><b>Dur\u00e9es de conservation<\/b><\/p><\/td><\/tr><tr><td><p><span style=\"font-weight: 400;\">Gestion des r\u00e9clamations \/ demandes de contact\u00a0<\/span><\/p><\/td><td><p><span style=\"font-weight: 400;\">Le temps n\u00e9cessaire pour traiter votre r\u00e9clamation.<\/span><\/p><\/td><\/tr><tr><td><p><span style=\"font-weight: 400;\">Gestion de vos candidatures\u00a0<\/span><\/p><\/td><td><p><span style=\"font-weight: 400;\">Pendant une dur\u00e9e de 2 ans \u00e0 compter du dernier contact avec vous.<\/span><\/p><\/td><\/tr><tr><td><p><span style=\"font-weight: 400;\">Gestion du pr\u00e9contentieux et du contentieux\u00a0<\/span><\/p><\/td><td><p><span style=\"font-weight: 400;\">Pendant la dur\u00e9e des prescriptions l\u00e9gales applicables ou pendant toute la dur\u00e9e du litige s\u2019il devait en survenir un.<\/span><\/p><\/td><\/tr><tr><td><p><span style=\"font-weight: 400;\">Gestion des cookies exempts de consentement et ceux n\u00e9cessitant votre consentement\u00a0<\/span><\/p><\/td><td><p><span style=\"font-weight: 400;\">Consultez directement notre politique relative aux cookies<\/span><\/p><\/td><\/tr><tr><td><p><span style=\"font-weight: 400;\">Gestion de vos demandes d\u2019exercice des droits des personnes<\/span><\/p><\/td><td><p><span style=\"font-weight: 400;\">Pendant une dur\u00e9e de 3 ans \u00e0 compter de la r\u00e9ception de la demande<\/span><\/p><\/td><\/tr><\/tbody><\/table><p><br \/><b><\/b><\/p><h2><b>8. Comment garantissons-nous la s\u00e9curit\u00e9 de vos Donn\u00e9es \u00e0 caract\u00e8re personnel ?\u00a0<\/b><\/h2><p>\u00a0<\/p><p><span style=\"font-weight: 400;\">KP EDUCATION s\u2019engage \u00e0 prot\u00e9ger les Donn\u00e9es \u00e0 caract\u00e8re personnel que nous collectons, ou ce que nous traitons, contre une perte, une destruction, alt\u00e9ration, acc\u00e8s ou divulgation non autoris\u00e9e.\u00a0<\/span><\/p><p>\u00a0<\/p><p><span style=\"font-weight: 400;\">Ainsi, nous mettons en \u0153uvre toutes les mesures techniques et organisationnelles appropri\u00e9es, selon la nature des Donn\u00e9es et des risques que leur Traitement comporte. Ces mesures doivent permettre de pr\u00e9server la s\u00e9curit\u00e9 et la confidentialit\u00e9 de vos Donn\u00e9es \u00e0 caract\u00e8re personnel. Elles peuvent comprendre des pratiques telles que des acc\u00e8s limit\u00e9s aux Donn\u00e9es \u00e0 caract\u00e8re personnel par des personnes habilit\u00e9es, en raison de leurs fonctions, une pseudonymisation ou encore un chiffrement.\u00a0<\/span><\/p><p>\u00a0<\/p><p><span style=\"font-weight: 400;\">De plus, nos pratiques et nos politiques et\/ou des mesures de s\u00e9curit\u00e9 physiques et\/ou logiques (acc\u00e8s s\u00e9curis\u00e9, proc\u00e9d\u00e9 d\u2019authentification, copie de sauvegarde, logiciel, etc.) sont r\u00e9guli\u00e8rement v\u00e9rifi\u00e9es et mises \u00e0 jour si n\u00e9cessaire.\u00a0<\/span><\/p><p><br \/><b><\/b><\/p><h2><b>9. Quels sont vos droits ?\u00a0<\/b><\/h2><p>\u00a0<\/p><p><span style=\"font-weight: 400;\">Le RGPD met \u00e0 la disposition des Personnes concern\u00e9es des droits qu\u2019elles peuvent exercer. Ainsi sont pr\u00e9vus\u00a0:\u00a0<\/span><\/p><p>\u00a0<\/p><ol><li style=\"font-weight: 400;\" aria-level=\"1\"><b>Droit \u00e0 l\u2019information<\/b><span style=\"font-weight: 400;\">\u00a0: le droit d\u2019avoir une information claire, pr\u00e9cise et compl\u00e8te sur l\u2019utilisation des Donn\u00e9es \u00e0 caract\u00e8re personnel par KP EDUCATION.\u00a0<\/span><\/li><\/ol><p>\u00a0<\/p><ol><li style=\"font-weight: 400;\" aria-level=\"1\"><b>Droit d\u2019acc\u00e8s<\/b><span style=\"font-weight: 400;\"> : le droit d\u2019obtenir une copie des Donn\u00e9es \u00e0 caract\u00e8re personnel que le Responsable de Traitement d\u00e9tient sur le demandeur.<\/span><\/li><\/ol><p>\u00a0<\/p><ol><li style=\"font-weight: 400;\" aria-level=\"1\"><b>Droit de rectification<\/b><span style=\"font-weight: 400;\"> : le droit de faire rectifier les Donn\u00e9es \u00e0 caract\u00e8re personnel si elles sont inexactes ou obsol\u00e8tes et\/ou de les compl\u00e9ter si elles sont incompl\u00e8tes.<\/span><\/li><\/ol><p>\u00a0<\/p><ol><li style=\"font-weight: 400;\" aria-level=\"1\"><b>Droit \u00e0 l\u2019effacement \/ droit \u00e0 l\u2019oubli<\/b><span style=\"font-weight: 400;\"> : le droit, dans certaines conditions, de faire effacer ou supprimer les Donn\u00e9es, \u00e0 moins que KP EDUCATION ait un int\u00e9r\u00eat l\u00e9gitime \u00e0 les conserver.<\/span><\/li><\/ol><p>\u00a0<\/p><ol><li style=\"font-weight: 400;\" aria-level=\"1\"><b>Droit d\u2019opposition<\/b><span style=\"font-weight: 400;\">\u00a0: le droit de s\u2019opposer au Traitement des Donn\u00e9es \u00e0 caract\u00e8re personnel par KP EDUCATION pour des raisons tenant \u00e0 la situation particuli\u00e8re du demandeur (sous conditions).\u00a0<\/span><\/li><\/ol><p>\u00a0<\/p><ol><li style=\"font-weight: 400;\" aria-level=\"1\"><b>Droit de retirer son Consentement <\/b><span style=\"font-weight: 400;\">: le droit \u00e0 tout moment de retirer le Consentement lorsque le Traitement est fond\u00e9 sur le Consentement.<\/span><\/li><\/ol><p>\u00a0<\/p><ol><li style=\"font-weight: 400;\" aria-level=\"1\"><b>Droit \u00e0 la limitation du Traitement<\/b><span style=\"font-weight: 400;\">\u00a0: le droit, dans certaines conditions, de demander que le Traitement des Donn\u00e9es \u00e0 caract\u00e8re personnel soit momentan\u00e9ment suspendu. \u00a0<\/span><\/li><\/ol><p>\u00a0<\/p><ol><li style=\"font-weight: 400;\" aria-level=\"1\"><b>Droit \u00e0 la portabilit\u00e9 des Donn\u00e9es <\/b><span style=\"font-weight: 400;\">: le droit de demander que les Donn\u00e9es \u00e0 caract\u00e8re personnel soient transmises dans un format r\u00e9exploitable permettant de les utiliser dans une autre base de Donn\u00e9es.<\/span><\/li><\/ol><p>\u00a0<\/p><ol><li style=\"font-weight: 400;\" aria-level=\"1\"><b>Droit de ne pas faire l\u2019objet d\u2019une d\u00e9cision automatis\u00e9e\u00a0<\/b><span style=\"font-weight: 400;\">: le droit pour le demandeur de refuser la prise de d\u00e9cision enti\u00e8rement autoris\u00e9e et\/ou d\u2019exercer les garanties suppl\u00e9mentaires offertes en la mati\u00e8re.\u00a0<\/span><\/li><\/ol><p>\u00a0<\/p><ol><li style=\"font-weight: 400;\" aria-level=\"1\"><b>Droit de d\u00e9finir des directives post-mortem<\/b><span style=\"font-weight: 400;\">\u00a0: le droit pour le demandeur de d\u00e9finir des directives relatives au sort des Donn\u00e9es \u00e0 caract\u00e8re personnel apr\u00e8s sa mort.<\/span><\/li><\/ol><p>\u00a0<\/p><p><span style=\"font-weight: 400;\">Des droits additionnels peuvent \u00eatre octroy\u00e9s par la R\u00e9glementation locale aux Personnes concern\u00e9es.\u00a0<\/span><\/p><p>\u00a0<\/p><p><span style=\"font-weight: 400;\">A cette fin, KP EDUCATION a mis en \u0153uvre une proc\u00e9dure de gestion des droits des Personnes conformes aux exigences de la L\u00e9gislation applicable. Cette proc\u00e9dure \u00e9tablit :\u00a0<\/span><\/p><p>\u00a0<\/p><ul><li style=\"font-weight: 400;\" aria-level=\"1\"><span style=\"font-weight: 400;\">Les standards \u00e0 respecter pour assurer l\u2019information transparente des Personnes\u00a0concern\u00e9es;<\/span><\/li><li style=\"font-weight: 400;\" aria-level=\"1\"><span style=\"font-weight: 400;\">Les exigences l\u00e9gales qui doivent \u00eatre respect\u00e9es ;<\/span><\/li><li style=\"font-weight: 400;\" aria-level=\"1\"><span style=\"font-weight: 400;\">Les moyens autoris\u00e9s pour pr\u00e9senter une demande pour chaque droit, selon la cat\u00e9gorie de Personnes concern\u00e9es ;<\/span><\/li><li style=\"font-weight: 400;\" aria-level=\"1\"><span style=\"font-weight: 400;\">Les processus op\u00e9rationnels pour traiter ces demandes conform\u00e9ment aux exigences susmentionn\u00e9es ;<\/span><\/li><li style=\"font-weight: 400;\" aria-level=\"1\"><span style=\"font-weight: 400;\">Les parties impliqu\u00e9es dans ces processus, leurs r\u00f4les et responsabilit\u00e9s.\u00a0<\/span><\/li><\/ul><p>\u00a0<\/p><p><span style=\"font-weight: 400;\">Pour exercer vos droits, vous pouvez contacter le D\u00e9l\u00e9gu\u00e9 \u00e0 la protection des Donn\u00e9es (DPO)\u00a0: dpo@kp.education<\/span><\/p><p>\u00a0<\/p><p><span style=\"font-weight: 400;\">Lorsque vous nous transmettez une demande d\u2019exercice de Droit, il vous est demand\u00e9 de pr\u00e9ciser autant que possible le p\u00e9rim\u00e8tre de la demande, le type de droit exerc\u00e9, le Traitement de Donn\u00e9es \u00e0 caract\u00e8re personnel concern\u00e9, et tout autre \u00e9l\u00e9ment utile, afin de faciliter l\u2019examen de votre demande. En outre, en cas de doute raisonnable, il peut vous \u00eatre demand\u00e9 de justifier de votre identit\u00e9.<\/span><\/p><p>\u00a0<\/p><p><span style=\"font-weight: 400;\">Vous disposez \u00e9galement du droit de saisir la Commission Nationale de l\u2019Informatique et des Libert\u00e9s (CNIL), 3 Place de Fontenoy \u2013 TSA 80715 \u2013 75334 PARIS CEDEX 07, de toute r\u00e9clamation se rapportant \u00e0 la mani\u00e8re dont KP EDUCATION collecte et traite vos donn\u00e9es.<\/span><\/p><p><br \/><br \/><b><\/b><\/p><h2><b>10. Mise \u00e0 jour de la pr\u00e9sente Politique<\/b><\/h2><p>\u00a0<\/p><p><span style=\"font-weight: 400;\">La pr\u00e9sente Politique peut r\u00e9guli\u00e8rement \u00eatre mise \u00e0 jour afin de tenir compte des \u00e9volutions de la R\u00e9glementation relative aux Donn\u00e9es \u00e0 caract\u00e8re personnel.\u00a0<\/span><\/p><p><br \/><br \/><\/p><p><span style=\"font-weight: 400;\">Date de derni\u00e8re mise \u00e0 jour 04 avril 2024.\u00a0<\/span><\/p><p><br \/><br \/><br \/><\/p>\t\t\t\t\t\t\t\t<\/div>\n\t\t\t\t<\/div>\n\t\t\t\t\t<\/div>\n\t\t<\/div>\n\t\t\t\t\t<\/div>\n\t\t<\/section>\n\t\t\t\t<\/div>\n\t\t","protected":false},"excerpt":{"rendered":"<p>Accueil Politique de confidentialit\u00e9 Politique de protection des donn\u00e9es\u00a0 1. Objectif et champ d\u2019application de la Politique\u00a0 \u00a0 La soci\u00e9t\u00e9 KP EDUCATION accorde la plus grande importance et le plus grand soin \u00e0 la protection de la vie priv\u00e9e et des Donn\u00e9es \u00e0 caract\u00e8re personnel, ainsi qu\u2019au respect des dispositions de la L\u00e9gislation applicable.\u00a0 \u00a0 [&hellip;]<\/p>\n","protected":false},"author":1,"featured_media":0,"parent":0,"menu_order":0,"comment_status":"closed","ping_status":"closed","template":"","meta":{"footnotes":""},"class_list":["post-3","page","type-page","status-publish","hentry"],"yoast_head":"<!-- This site is optimized with the Yoast SEO plugin v27.5 - https:\/\/yoast.com\/product\/yoast-seo-wordpress\/ -->\n<title>Politique de protection des donn\u00e9es &#8211; KP.EDUCATION<\/title>\n<meta name=\"robots\" content=\"index, follow, max-snippet:-1, max-image-preview:large, max-video-preview:-1\" \/>\n<link rel=\"canonical\" href=\"https:\/\/www.kp.education\/fr\/politique-de-confidentialite\/\" \/>\n<meta property=\"og:locale\" content=\"fr_FR\" \/>\n<meta property=\"og:type\" content=\"article\" \/>\n<meta property=\"og:title\" content=\"Politique de protection des donn\u00e9es &#8211; KP.EDUCATION\" \/>\n<meta property=\"og:description\" content=\"Accueil Politique de confidentialit\u00e9 Politique de protection des donn\u00e9es\u00a0 1. Objectif et champ d\u2019application de la Politique\u00a0 \u00a0 La soci\u00e9t\u00e9 KP EDUCATION accorde la plus grande importance et le plus grand soin \u00e0 la protection de la vie priv\u00e9e et des Donn\u00e9es \u00e0 caract\u00e8re personnel, ainsi qu\u2019au respect des dispositions de la L\u00e9gislation applicable.\u00a0 \u00a0 [&hellip;]\" \/>\n<meta property=\"og:url\" content=\"https:\/\/www.kp.education\/fr\/politique-de-confidentialite\/\" \/>\n<meta property=\"og:site_name\" content=\"KP.EDUCATION\" \/>\n<meta property=\"article:modified_time\" content=\"2024-04-04T13:14:44+00:00\" \/>\n<meta name=\"twitter:card\" content=\"summary_large_image\" \/>\n<meta name=\"twitter:label1\" content=\"Dur\u00e9e de lecture estim\u00e9e\" \/>\n\t<meta name=\"twitter:data1\" content=\"10 minutes\" \/>\n<script type=\"application\/ld+json\" class=\"yoast-schema-graph\">{\"@context\":\"https:\\\/\\\/schema.org\",\"@graph\":[{\"@type\":\"WebPage\",\"@id\":\"https:\\\/\\\/www.kp.education\\\/fr\\\/politique-de-confidentialite\\\/\",\"url\":\"https:\\\/\\\/www.kp.education\\\/fr\\\/politique-de-confidentialite\\\/\",\"name\":\"Politique de protection des donn\u00e9es &#8211; KP.EDUCATION\",\"isPartOf\":{\"@id\":\"https:\\\/\\\/www.kp.education\\\/fr\\\/#website\"},\"datePublished\":\"2022-12-20T09:56:53+00:00\",\"dateModified\":\"2024-04-04T13:14:44+00:00\",\"breadcrumb\":{\"@id\":\"https:\\\/\\\/www.kp.education\\\/fr\\\/politique-de-confidentialite\\\/#breadcrumb\"},\"inLanguage\":\"fr-FR\",\"potentialAction\":[{\"@type\":\"ReadAction\",\"target\":[\"https:\\\/\\\/www.kp.education\\\/fr\\\/politique-de-confidentialite\\\/\"]}]},{\"@type\":\"BreadcrumbList\",\"@id\":\"https:\\\/\\\/www.kp.education\\\/fr\\\/politique-de-confidentialite\\\/#breadcrumb\",\"itemListElement\":[{\"@type\":\"ListItem\",\"position\":1,\"name\":\"Accueil\",\"item\":\"https:\\\/\\\/www.kp.education\\\/fr\\\/\"},{\"@type\":\"ListItem\",\"position\":2,\"name\":\"Politique de protection des donn\u00e9es\"}]},{\"@type\":\"WebSite\",\"@id\":\"https:\\\/\\\/www.kp.education\\\/fr\\\/#website\",\"url\":\"https:\\\/\\\/www.kp.education\\\/fr\\\/\",\"name\":\"KP.EDUCATION\",\"description\":\"D\u00e9mocratise l&#039;apprentissage, facilite l&#039;enseignement.\",\"publisher\":{\"@id\":\"https:\\\/\\\/www.kp.education\\\/fr\\\/#organization\"},\"potentialAction\":[{\"@type\":\"SearchAction\",\"target\":{\"@type\":\"EntryPoint\",\"urlTemplate\":\"https:\\\/\\\/www.kp.education\\\/fr\\\/?s={search_term_string}\"},\"query-input\":{\"@type\":\"PropertyValueSpecification\",\"valueRequired\":true,\"valueName\":\"search_term_string\"}}],\"inLanguage\":\"fr-FR\"},{\"@type\":\"Organization\",\"@id\":\"https:\\\/\\\/www.kp.education\\\/fr\\\/#organization\",\"name\":\"KP.EDUCATION\",\"url\":\"https:\\\/\\\/www.kp.education\\\/fr\\\/\",\"logo\":{\"@type\":\"ImageObject\",\"inLanguage\":\"fr-FR\",\"@id\":\"https:\\\/\\\/www.kp.education\\\/fr\\\/#\\\/schema\\\/logo\\\/image\\\/\",\"url\":\"https:\\\/\\\/www.kp.education\\\/wp-content\\\/uploads\\\/2022\\\/12\\\/Banniere-KP-Education.webp\",\"contentUrl\":\"https:\\\/\\\/www.kp.education\\\/wp-content\\\/uploads\\\/2022\\\/12\\\/Banniere-KP-Education.webp\",\"width\":350,\"height\":100,\"caption\":\"KP.EDUCATION\"},\"image\":{\"@id\":\"https:\\\/\\\/www.kp.education\\\/fr\\\/#\\\/schema\\\/logo\\\/image\\\/\"}}]}<\/script>\n<!-- \/ Yoast SEO plugin. -->","yoast_head_json":{"title":"Politique de protection des donn\u00e9es &#8211; KP.EDUCATION","robots":{"index":"index","follow":"follow","max-snippet":"max-snippet:-1","max-image-preview":"max-image-preview:large","max-video-preview":"max-video-preview:-1"},"canonical":"https:\/\/www.kp.education\/fr\/politique-de-confidentialite\/","og_locale":"fr_FR","og_type":"article","og_title":"Politique de protection des donn\u00e9es &#8211; KP.EDUCATION","og_description":"Accueil Politique de confidentialit\u00e9 Politique de protection des donn\u00e9es\u00a0 1. Objectif et champ d\u2019application de la Politique\u00a0 \u00a0 La soci\u00e9t\u00e9 KP EDUCATION accorde la plus grande importance et le plus grand soin \u00e0 la protection de la vie priv\u00e9e et des Donn\u00e9es \u00e0 caract\u00e8re personnel, ainsi qu\u2019au respect des dispositions de la L\u00e9gislation applicable.\u00a0 \u00a0 [&hellip;]","og_url":"https:\/\/www.kp.education\/fr\/politique-de-confidentialite\/","og_site_name":"KP.EDUCATION","article_modified_time":"2024-04-04T13:14:44+00:00","twitter_card":"summary_large_image","twitter_misc":{"Dur\u00e9e de lecture estim\u00e9e":"10 minutes"},"schema":{"@context":"https:\/\/schema.org","@graph":[{"@type":"WebPage","@id":"https:\/\/www.kp.education\/fr\/politique-de-confidentialite\/","url":"https:\/\/www.kp.education\/fr\/politique-de-confidentialite\/","name":"Politique de protection des donn\u00e9es &#8211; KP.EDUCATION","isPartOf":{"@id":"https:\/\/www.kp.education\/fr\/#website"},"datePublished":"2022-12-20T09:56:53+00:00","dateModified":"2024-04-04T13:14:44+00:00","breadcrumb":{"@id":"https:\/\/www.kp.education\/fr\/politique-de-confidentialite\/#breadcrumb"},"inLanguage":"fr-FR","potentialAction":[{"@type":"ReadAction","target":["https:\/\/www.kp.education\/fr\/politique-de-confidentialite\/"]}]},{"@type":"BreadcrumbList","@id":"https:\/\/www.kp.education\/fr\/politique-de-confidentialite\/#breadcrumb","itemListElement":[{"@type":"ListItem","position":1,"name":"Accueil","item":"https:\/\/www.kp.education\/fr\/"},{"@type":"ListItem","position":2,"name":"Politique de protection des donn\u00e9es"}]},{"@type":"WebSite","@id":"https:\/\/www.kp.education\/fr\/#website","url":"https:\/\/www.kp.education\/fr\/","name":"KP.EDUCATION","description":"D\u00e9mocratise l&#039;apprentissage, facilite l&#039;enseignement.","publisher":{"@id":"https:\/\/www.kp.education\/fr\/#organization"},"potentialAction":[{"@type":"SearchAction","target":{"@type":"EntryPoint","urlTemplate":"https:\/\/www.kp.education\/fr\/?s={search_term_string}"},"query-input":{"@type":"PropertyValueSpecification","valueRequired":true,"valueName":"search_term_string"}}],"inLanguage":"fr-FR"},{"@type":"Organization","@id":"https:\/\/www.kp.education\/fr\/#organization","name":"KP.EDUCATION","url":"https:\/\/www.kp.education\/fr\/","logo":{"@type":"ImageObject","inLanguage":"fr-FR","@id":"https:\/\/www.kp.education\/fr\/#\/schema\/logo\/image\/","url":"https:\/\/www.kp.education\/wp-content\/uploads\/2022\/12\/Banniere-KP-Education.webp","contentUrl":"https:\/\/www.kp.education\/wp-content\/uploads\/2022\/12\/Banniere-KP-Education.webp","width":350,"height":100,"caption":"KP.EDUCATION"},"image":{"@id":"https:\/\/www.kp.education\/fr\/#\/schema\/logo\/image\/"}}]}},"_links":{"self":[{"href":"https:\/\/www.kp.education\/fr\/wp-json\/wp\/v2\/pages\/3","targetHints":{"allow":["GET"]}}],"collection":[{"href":"https:\/\/www.kp.education\/fr\/wp-json\/wp\/v2\/pages"}],"about":[{"href":"https:\/\/www.kp.education\/fr\/wp-json\/wp\/v2\/types\/page"}],"author":[{"embeddable":true,"href":"https:\/\/www.kp.education\/fr\/wp-json\/wp\/v2\/users\/1"}],"replies":[{"embeddable":true,"href":"https:\/\/www.kp.education\/fr\/wp-json\/wp\/v2\/comments?post=3"}],"version-history":[{"count":0,"href":"https:\/\/www.kp.education\/fr\/wp-json\/wp\/v2\/pages\/3\/revisions"}],"wp:attachment":[{"href":"https:\/\/www.kp.education\/fr\/wp-json\/wp\/v2\/media?parent=3"}],"curies":[{"name":"wp","href":"https:\/\/api.w.org\/{rel}","templated":true}]}}